{"id":15,"date":"2019-06-08T11:24:25","date_gmt":"2019-06-08T11:24:25","guid":{"rendered":"http:\/\/camin-lacoca.ro\/?page_id=15"},"modified":"2025-02-27T13:52:22","modified_gmt":"2025-02-27T10:52:22","slug":"camin-batrani-lacoca","status":"publish","type":"page","link":"https:\/\/www.camin-lacoca.ro\/","title":{"rendered":"Bine a\u021bi venit Acas\u0103"},"content":{"rendered":"<div id=\"metaslider-id-382\" style=\"width: 100%; margin: 0 auto;\" class=\"ml-slider-3-27-12 metaslider metaslider-flex metaslider-382 ml-slider ms-theme-nivo-dark has-dots-nav\">\n    <div id=\"metaslider_container_382\">\n        <div id=\"metaslider_382\" class=\"flexslider\">\n            <ul aria-live=\"polite\" class=\"slides\">\n                <li style=\"display: block; width: 100%;\" class=\"slide-391 ms-image\"><img loading=\"lazy\" decoding=\"async\" width=\"6000\" height=\"4000\" src=\"https:\/\/www.camin-lacoca.ro\/wp-content\/uploads\/2019\/06\/DSC_0094.jpg\" class=\"slider-382 slide-391\" alt=\"Cladire principala Camin de batrani La Coca Bicaz\" rel=\"\" title=\"Cladire principala\" style=\"margin: 0 auto; width: 93.75%\" srcset=\"https:\/\/www.camin-lacoca.ro\/wp-content\/uploads\/2019\/06\/DSC_0094.jpg 6000w, https:\/\/www.camin-lacoca.ro\/wp-content\/uploads\/2019\/06\/DSC_0094-300x200.jpg 300w, https:\/\/www.camin-lacoca.ro\/wp-content\/uploads\/2019\/06\/DSC_0094-768x512.jpg 768w, https:\/\/www.camin-lacoca.ro\/wp-content\/uploads\/2019\/06\/DSC_0094-1024x683.jpg 1024w, https:\/\/www.camin-lacoca.ro\/wp-content\/uploads\/2019\/06\/DSC_0094-750x500.jpg 750w\" sizes=\"auto, (max-width: 6000px) 100vw, 6000px\" \/><\/li>\n                <li style=\"display: none; width: 100%;\" class=\"slide-389 ms-image\"><img loading=\"lazy\" decoding=\"async\" width=\"6000\" height=\"4000\" src=\"https:\/\/www.camin-lacoca.ro\/wp-content\/uploads\/2019\/06\/DSC_0144.jpg\" class=\"slider-382 slide-389\" alt=\"Vedere Camin de batrani La Coca Bicaz\" rel=\"\" title=\"Vedere\" style=\"margin: 0 auto; width: 93.75%\" srcset=\"https:\/\/www.camin-lacoca.ro\/wp-content\/uploads\/2019\/06\/DSC_0144.jpg 6000w, https:\/\/www.camin-lacoca.ro\/wp-content\/uploads\/2019\/06\/DSC_0144-300x200.jpg 300w, https:\/\/www.camin-lacoca.ro\/wp-content\/uploads\/2019\/06\/DSC_0144-768x512.jpg 768w, https:\/\/www.camin-lacoca.ro\/wp-content\/uploads\/2019\/06\/DSC_0144-1024x683.jpg 1024w, https:\/\/www.camin-lacoca.ro\/wp-content\/uploads\/2019\/06\/DSC_0144-750x500.jpg 750w\" sizes=\"auto, (max-width: 6000px) 100vw, 6000px\" \/><\/li>\n                <li style=\"display: none; width: 100%;\" class=\"slide-388 ms-image\"><img loading=\"lazy\" decoding=\"async\" width=\"6000\" height=\"4000\" src=\"https:\/\/www.camin-lacoca.ro\/wp-content\/uploads\/2019\/06\/DSC_0119.jpg\" class=\"slider-382 slide-388\" alt=\"Vedere Camin de batrani La Coca Bicaz\" rel=\"\" title=\"Vedere\" style=\"margin: 0 auto; width: 93.75%\" srcset=\"https:\/\/www.camin-lacoca.ro\/wp-content\/uploads\/2019\/06\/DSC_0119.jpg 6000w, https:\/\/www.camin-lacoca.ro\/wp-content\/uploads\/2019\/06\/DSC_0119-300x200.jpg 300w, https:\/\/www.camin-lacoca.ro\/wp-content\/uploads\/2019\/06\/DSC_0119-768x512.jpg 768w, https:\/\/www.camin-lacoca.ro\/wp-content\/uploads\/2019\/06\/DSC_0119-1024x683.jpg 1024w, https:\/\/www.camin-lacoca.ro\/wp-content\/uploads\/2019\/06\/DSC_0119-750x500.jpg 750w\" sizes=\"auto, (max-width: 6000px) 100vw, 6000px\" \/><\/li>\n                <li style=\"display: none; width: 100%;\" class=\"slide-392 ms-image\"><img loading=\"lazy\" decoding=\"async\" width=\"6000\" height=\"4000\" src=\"https:\/\/www.camin-lacoca.ro\/wp-content\/uploads\/2019\/06\/DSC_0107.jpg\" class=\"slider-382 slide-392\" alt=\"Vedere Camin de batrani La Coca Bicaz\" rel=\"\" title=\"Vedere\" style=\"margin: 0 auto; width: 93.75%\" srcset=\"https:\/\/www.camin-lacoca.ro\/wp-content\/uploads\/2019\/06\/DSC_0107.jpg 6000w, https:\/\/www.camin-lacoca.ro\/wp-content\/uploads\/2019\/06\/DSC_0107-300x200.jpg 300w, https:\/\/www.camin-lacoca.ro\/wp-content\/uploads\/2019\/06\/DSC_0107-768x512.jpg 768w, https:\/\/www.camin-lacoca.ro\/wp-content\/uploads\/2019\/06\/DSC_0107-1024x683.jpg 1024w, https:\/\/www.camin-lacoca.ro\/wp-content\/uploads\/2019\/06\/DSC_0107-750x500.jpg 750w\" sizes=\"auto, (max-width: 6000px) 100vw, 6000px\" \/><\/li>\n                <li style=\"display: none; width: 100%;\" class=\"slide-390 ms-image\"><img loading=\"lazy\" decoding=\"async\" width=\"6000\" height=\"4000\" src=\"https:\/\/www.camin-lacoca.ro\/wp-content\/uploads\/2019\/06\/DSC_0153.jpg\" class=\"slider-382 slide-390\" alt=\"Vedere Camin de batrani La Coca Bicaz\" rel=\"\" title=\"Vedere\" style=\"margin: 0 auto; width: 93.75%\" srcset=\"https:\/\/www.camin-lacoca.ro\/wp-content\/uploads\/2019\/06\/DSC_0153.jpg 6000w, https:\/\/www.camin-lacoca.ro\/wp-content\/uploads\/2019\/06\/DSC_0153-300x200.jpg 300w, https:\/\/www.camin-lacoca.ro\/wp-content\/uploads\/2019\/06\/DSC_0153-768x512.jpg 768w, https:\/\/www.camin-lacoca.ro\/wp-content\/uploads\/2019\/06\/DSC_0153-1024x683.jpg 1024w, https:\/\/www.camin-lacoca.ro\/wp-content\/uploads\/2019\/06\/DSC_0153-750x500.jpg 750w\" sizes=\"auto, (max-width: 6000px) 100vw, 6000px\" \/><\/li>\n            <\/ul>\n        <\/div>\n        \n    <\/div>\n<\/div>\n\n\n\n<hr class=\"wp-block-separator has-css-opacity\"\/>\n\n\n\n<p class=\"has-text-align-center has-large-font-size\"><strong>Aten\u021bia de care ave\u021bi nevoie<\/strong><\/p>\n\n\n\n<p class=\"has-text-align-left has-medium-font-size\">Sunte\u021bi \u00een c\u0103utarea unui c\u0103min de b\u0103tr\u00e2ni care s\u0103 asigure nu doar confort, ci \u0219i servicii de cea mai bun\u0103 calitate ? Dac\u0103 dori\u021bi ca cei dragi s\u0103 beneficieze de avantajele unui c\u0103min particular, C\u0103minul de b\u0103tr\u00e2ni &#8222;La Coca&#8221; Bicaz este cea mai bun\u0103 alegere !<\/p>\n\n\n\n<p class=\"has-medium-font-size\">C\u0103minul nostru ofer\u0103 at\u00e2t condi\u021bii de locuit excelente, c\u00e2t \u0219i activit\u0103\u021bi sociale \u0219i un personal preg\u0103tit pentru a oferi cele mai \u00eenalte standarde.<\/p>\n\n\n\n<p class=\"has-medium-font-size\">C\u0103minul de b\u0103tr\u00e2ni &#8222;La Coca&#8221; Bicaz se afl\u0103 \u00eentr-o zon\u0103 foarte lini\u0219tit\u0103, u\u0219or accesibil\u0103 tuturor, la 5 minute de centrul ora\u0219ului Bicaz v\u0103 ofer\u0103 servicii de \u00eengrijire \u0219i un stil de via\u021b\u0103 personalizate pentru persoane v\u00e2rstnice at\u00e2t pentru persoanele din jude\u021bul Neam\u021b c\u00e2t \u0219i celor din jude\u021bele limitrofe.<\/p>\n\n\n\n<div class=\"wp-block-columns has-2-columns is-layout-flex wp-container-core-columns-is-layout-1 wp-block-columns-is-layout-flex\">\n<div class=\"wp-block-column is-layout-flow wp-block-column-is-layout-flow\">\n<figure class=\"wp-block-image\"><a href=\"https:\/\/www.camin-lacoca.ro\/?page_id=55\"><img loading=\"lazy\" decoding=\"async\" width=\"1024\" height=\"683\" src=\"https:\/\/camin-lacoca.ro\/wp-content\/uploads\/2019\/06\/lily-banse-365344-unsplash-1024x683.jpg\" alt=\"Food Camin La Coca\" class=\"wp-image-96\" srcset=\"https:\/\/www.camin-lacoca.ro\/wp-content\/uploads\/2019\/06\/lily-banse-365344-unsplash-1024x683.jpg 1024w, https:\/\/www.camin-lacoca.ro\/wp-content\/uploads\/2019\/06\/lily-banse-365344-unsplash-300x200.jpg 300w, https:\/\/www.camin-lacoca.ro\/wp-content\/uploads\/2019\/06\/lily-banse-365344-unsplash-768x512.jpg 768w, https:\/\/www.camin-lacoca.ro\/wp-content\/uploads\/2019\/06\/lily-banse-365344-unsplash-750x500.jpg 750w\" sizes=\"auto, (max-width: 1024px) 100vw, 1024px\" \/><\/a><figcaption><strong><a href=\"https:\/\/www.camin-lacoca.ro\/?page_id=55\">Alimenta\u021bie \u0219i Nutri\u021bie<\/a><\/strong><\/figcaption><\/figure>\n\n\n\n<figure class=\"wp-block-image\"><a href=\"https:\/\/www.camin-lacoca.ro\/?page_id=59\"><img loading=\"lazy\" decoding=\"async\" width=\"1024\" height=\"683\" src=\"https:\/\/camin-lacoca.ro\/wp-content\/uploads\/2019\/06\/raul-petri-135002-unsplash-1024x683.jpg\" alt=\"Ziua ta, Calea ta Caminul de batrani La Coca Bicaz\" class=\"wp-image-80\" srcset=\"https:\/\/www.camin-lacoca.ro\/wp-content\/uploads\/2019\/06\/raul-petri-135002-unsplash-1024x683.jpg 1024w, https:\/\/www.camin-lacoca.ro\/wp-content\/uploads\/2019\/06\/raul-petri-135002-unsplash-300x200.jpg 300w, https:\/\/www.camin-lacoca.ro\/wp-content\/uploads\/2019\/06\/raul-petri-135002-unsplash-768x512.jpg 768w, https:\/\/www.camin-lacoca.ro\/wp-content\/uploads\/2019\/06\/raul-petri-135002-unsplash-750x500.jpg 750w\" sizes=\"auto, (max-width: 1024px) 100vw, 1024px\" \/><\/a><figcaption><strong><a href=\"https:\/\/www.camin-lacoca.ro\/?page_id=59\">Ziua ta, Calea ta<\/a><\/strong><\/figcaption><\/figure>\n\n\n\n<p><\/p>\n<\/div>\n\n\n\n<div class=\"wp-block-column is-layout-flow wp-block-column-is-layout-flow\">\n<figure class=\"wp-block-image\"><a href=\"https:\/\/www.camin-lacoca.ro\/?page_id=29\"><img loading=\"lazy\" decoding=\"async\" width=\"1024\" height=\"683\" src=\"https:\/\/camin-lacoca.ro\/wp-content\/uploads\/2019\/06\/kobu-agency-685117-unsplash-1024x683.jpg\" alt=\"Team Camin La Coca\" class=\"wp-image-95\" srcset=\"https:\/\/www.camin-lacoca.ro\/wp-content\/uploads\/2019\/06\/kobu-agency-685117-unsplash-1024x683.jpg 1024w, https:\/\/www.camin-lacoca.ro\/wp-content\/uploads\/2019\/06\/kobu-agency-685117-unsplash-300x200.jpg 300w, https:\/\/www.camin-lacoca.ro\/wp-content\/uploads\/2019\/06\/kobu-agency-685117-unsplash-768x512.jpg 768w, https:\/\/www.camin-lacoca.ro\/wp-content\/uploads\/2019\/06\/kobu-agency-685117-unsplash-750x500.jpg 750w\" sizes=\"auto, (max-width: 1024px) 100vw, 1024px\" \/><\/a><figcaption><strong><a href=\"https:\/\/www.camin-lacoca.ro\/?page_id=29\">F\u0103 cuno\u0219tin\u021b\u0103 cu echipa noastr\u0103<\/a><\/strong><\/figcaption><\/figure>\n\n\n\n<figure class=\"wp-block-image\"><a href=\"https:\/\/www.camin-lacoca.ro\/?page_id=364\"><img loading=\"lazy\" decoding=\"async\" width=\"1024\" height=\"683\" src=\"https:\/\/camin-lacoca.ro\/wp-content\/uploads\/2019\/06\/patrick-tomasso-71909-unsplash-1024x683.jpg\" alt=\"Interviuri video Camin La Coca\" class=\"wp-image-131\" srcset=\"https:\/\/www.camin-lacoca.ro\/wp-content\/uploads\/2019\/06\/patrick-tomasso-71909-unsplash-1024x683.jpg 1024w, https:\/\/www.camin-lacoca.ro\/wp-content\/uploads\/2019\/06\/patrick-tomasso-71909-unsplash-300x200.jpg 300w, https:\/\/www.camin-lacoca.ro\/wp-content\/uploads\/2019\/06\/patrick-tomasso-71909-unsplash-768x512.jpg 768w, https:\/\/www.camin-lacoca.ro\/wp-content\/uploads\/2019\/06\/patrick-tomasso-71909-unsplash-750x500.jpg 750w\" sizes=\"auto, (max-width: 1024px) 100vw, 1024px\" \/><\/a><figcaption><strong><a href=\"https:\/\/www.camin-lacoca.ro\/?page_id=364\" target=\"_blank\" rel=\"noreferrer noopener\">Afl\u0103 p\u0103rerea celorlal\u021bi<\/a><\/strong><\/figcaption><\/figure>\n\n\n\n<p><\/p>\n<\/div>\n<\/div>\n\n\n\n<hr class=\"wp-block-separator has-css-opacity\"\/>\n\n\n\n<p class=\"has-text-align-center has-medium-font-size\"><strong>Pentru mai multe informa\u021bii accesa\u021bi <a rel=\"noreferrer noopener\" href=\"https:\/\/www.camin-lacoca.ro\/?page_id=428\" target=\"_blank\">pagina dedicat\u0103<\/a><\/strong> <strong>sau <a href=\"https:\/\/www.camin-lacoca.ro\/?page_id=35\" target=\"_blank\" rel=\"noreferrer noopener\">contacta\u021bi-ne<\/a><\/strong><\/p>\n\n\n\n<hr class=\"wp-block-separator has-css-opacity\"\/>\n\n\n\n<hr class=\"wp-block-separator has-css-opacity\"\/>\n\n\n\n<p class=\"has-text-align-center has-medium-font-size\"><strong>Abona\u021bi-v\u0103 la buletinul informativ pentru a fi primii care afl\u0103 tot ce e nou:<\/strong><\/p>\n\n\n<div class=\"tnp tnp-subscription\">\n<form method=\"post\" action=\"https:\/\/camin-lacoca.ro\/?na=s\" onsubmit=\"return newsletter_check(this)\">\n<p><input type=\"hidden\" name=\"nlang\" value=\"\"><\/p>\n<div class=\"tnp-field tnp-field-email\"><label>Email<\/label><input class=\"tnp-email\" type=\"email\" name=\"ne\" required=\"\"><\/div>\n<div class=\"tnp-field tnp-field-privacy\"><label><input type=\"checkbox\" name=\"ny\" required=\"\" class=\"tnp-privacy\"> <a target=\"_blank\" href=\"https:\/\/camin-lacoca.ro\/privacy-policy\/\" rel=\"noopener noreferrer\">Prin continuare acceptati politica de confidentialitate<\/a><\/label><\/div>\n<div class=\"tnp-field tnp-field-button\"><input class=\"tnp-submit\" type=\"submit\" value=\"M\u0103 abonez\">\n<\/div>\n<\/form>\n<\/div>\n\n\n\n<hr class=\"wp-block-separator has-css-opacity\"\/>\n","protected":false},"excerpt":{"rendered":"<p>Aten\u021bia de care ave\u021bi nevoie Sunte\u021bi \u00een c\u0103utarea unui c\u0103min de b\u0103tr\u00e2ni care s\u0103 asigure nu doar confort, ci \u0219i servicii de cea mai bun\u0103 calitate ? Dac\u0103 dori\u021bi ca cei dragi s\u0103 beneficieze de avantajele unui c\u0103min particular, C\u0103minul de b\u0103tr\u00e2ni &#8222;La Coca&#8221; Bicaz este cea mai bun\u0103 alegere ! C\u0103minul nostru ofer\u0103 at\u00e2t [&hellip;]<\/p>\n","protected":false},"author":1,"featured_media":129,"parent":0,"menu_order":0,"comment_status":"closed","ping_status":"closed","template":"","meta":{"_genesis_hide_title":false,"_genesis_hide_breadcrumbs":false,"_genesis_hide_singular_image":false,"_genesis_hide_footer_widgets":false,"_genesis_custom_body_class":"","_genesis_custom_post_class":"","_genesis_layout":"full-width-content","footnotes":""},"class_list":{"0":"post-15","1":"page","2":"type-page","3":"status-publish","4":"has-post-thumbnail","6":"entry"},"yoast_head":"<!-- This site is optimized with the Yoast SEO plugin v19.6.1 - https:\/\/yoast.com\/wordpress\/plugins\/seo\/ -->\n<title>C\u0103min de b\u0103tr\u00e2ni &quot;La Coca&quot; Bicaz - Bine a\u021bi venit Acas\u0103<\/title>\n<meta name=\"description\" content=\"C\u0103minul de b\u0103tr\u00e2ni La Coca Bicaz Neamt, Centru de ingrijire a persoanelor v\u00e2rstnice La Coca Bicaz Neamt, Azil de b\u0103tr\u00e2ni La Coca Bicaz Neamt\" \/>\n<meta name=\"robots\" content=\"index, follow, max-snippet:-1, max-image-preview:large, max-video-preview:-1\" \/>\n<link rel=\"canonical\" href=\"https:\/\/www.camin-lacoca.ro\/\" \/>\n<meta name=\"twitter:card\" content=\"summary_large_image\" \/>\n<meta name=\"twitter:title\" content=\"C\u0103min de b\u0103tr\u00e2ni &quot;La Coca&quot; Bicaz - Bine a\u021bi venit Acas\u0103\" \/>\n<meta name=\"twitter:description\" content=\"C\u0103minul de b\u0103tr\u00e2ni La Coca Bicaz Neamt, Centru de ingrijire a persoanelor v\u00e2rstnice La Coca Bicaz Neamt, Azil de b\u0103tr\u00e2ni La Coca Bicaz Neamt\" \/>\n<meta name=\"twitter:image\" content=\"https:\/\/www.camin-lacoca.ro\/wp-content\/uploads\/2019\/06\/logo_header_mare_final.png\" \/>\n<meta name=\"twitter:label1\" content=\"Timp estimat pentru citire\" \/>\n\t<meta name=\"twitter:data1\" content=\"2 minute\" \/>\n<script type=\"application\/ld+json\" class=\"yoast-schema-graph\">{\"@context\":\"https:\/\/schema.org\",\"@graph\":[{\"@type\":\"WebPage\",\"@id\":\"https:\/\/www.camin-lacoca.ro\/\",\"url\":\"https:\/\/www.camin-lacoca.ro\/\",\"name\":\"C\u0103min de b\u0103tr\u00e2ni &quot;La Coca&quot; Bicaz - Bine a\u021bi venit Acas\u0103\",\"isPartOf\":{\"@id\":\"https:\/\/www.camin-lacoca.ro\/#website\"},\"datePublished\":\"2019-06-08T11:24:25+00:00\",\"dateModified\":\"2025-02-27T10:52:22+00:00\",\"description\":\"C\u0103minul de b\u0103tr\u00e2ni La Coca Bicaz Neamt, Centru de ingrijire a persoanelor v\u00e2rstnice La Coca Bicaz Neamt, Azil de b\u0103tr\u00e2ni La Coca Bicaz Neamt\",\"breadcrumb\":{\"@id\":\"https:\/\/www.camin-lacoca.ro\/#breadcrumb\"},\"inLanguage\":\"ro-RO\",\"potentialAction\":[{\"@type\":\"ReadAction\",\"target\":[\"https:\/\/www.camin-lacoca.ro\/\"]}]},{\"@type\":\"BreadcrumbList\",\"@id\":\"https:\/\/www.camin-lacoca.ro\/#breadcrumb\",\"itemListElement\":[{\"@type\":\"ListItem\",\"position\":1,\"name\":\"Prima pagin\u0103\",\"item\":\"https:\/\/www.camin-lacoca.ro\/\"},{\"@type\":\"ListItem\",\"position\":2,\"name\":\"Bine a\u021bi venit Acas\u0103\"}]},{\"@type\":\"WebSite\",\"@id\":\"https:\/\/www.camin-lacoca.ro\/#website\",\"url\":\"https:\/\/www.camin-lacoca.ro\/\",\"name\":\"C\u0103min de b\u0103tr\u00e2ni &quot;La Coca&quot; Bicaz\",\"description\":\"Bine ai venit Acasa\",\"publisher\":{\"@id\":\"https:\/\/www.camin-lacoca.ro\/#organization\"},\"potentialAction\":[{\"@type\":\"SearchAction\",\"target\":{\"@type\":\"EntryPoint\",\"urlTemplate\":\"https:\/\/www.camin-lacoca.ro\/?s={search_term_string}\"},\"query-input\":\"required name=search_term_string\"}],\"inLanguage\":\"ro-RO\"},{\"@type\":\"Organization\",\"@id\":\"https:\/\/www.camin-lacoca.ro\/#organization\",\"name\":\"Camin de batrani La Coca Bicaz\",\"url\":\"https:\/\/www.camin-lacoca.ro\/\",\"sameAs\":[\"https:\/\/www.youtube.com\/channel\/UCmIO2Q8Mn9bOQPVu_wTkQJA\",\"https:\/\/www.facebook.com\/Camin-de-b\u00e3tr\u00e2ni-La-Coca-381320195999017\/\"],\"logo\":{\"@type\":\"ImageObject\",\"inLanguage\":\"ro-RO\",\"@id\":\"https:\/\/www.camin-lacoca.ro\/#\/schema\/logo\/image\/\",\"url\":\"https:\/\/www.camin-lacoca.ro\/wp-content\/uploads\/2019\/06\/header_logo.png\",\"contentUrl\":\"https:\/\/www.camin-lacoca.ro\/wp-content\/uploads\/2019\/06\/header_logo.png\",\"width\":660,\"height\":272,\"caption\":\"Camin de batrani La Coca Bicaz\"},\"image\":{\"@id\":\"https:\/\/www.camin-lacoca.ro\/#\/schema\/logo\/image\/\"}}]}<\/script>\n<!-- \/ Yoast SEO plugin. -->","yoast_head_json":{"title":"C\u0103min de b\u0103tr\u00e2ni &quot;La Coca&quot; Bicaz - Bine a\u021bi venit Acas\u0103","description":"C\u0103minul de b\u0103tr\u00e2ni La Coca Bicaz Neamt, Centru de ingrijire a persoanelor v\u00e2rstnice La Coca Bicaz Neamt, Azil de b\u0103tr\u00e2ni La Coca Bicaz Neamt","robots":{"index":"index","follow":"follow","max-snippet":"max-snippet:-1","max-image-preview":"max-image-preview:large","max-video-preview":"max-video-preview:-1"},"canonical":"https:\/\/www.camin-lacoca.ro\/","twitter_card":"summary_large_image","twitter_title":"C\u0103min de b\u0103tr\u00e2ni &quot;La Coca&quot; Bicaz - Bine a\u021bi venit Acas\u0103","twitter_description":"C\u0103minul de b\u0103tr\u00e2ni La Coca Bicaz Neamt, Centru de ingrijire a persoanelor v\u00e2rstnice La Coca Bicaz Neamt, Azil de b\u0103tr\u00e2ni La Coca Bicaz Neamt","twitter_image":"https:\/\/www.camin-lacoca.ro\/wp-content\/uploads\/2019\/06\/logo_header_mare_final.png","twitter_misc":{"Timp estimat pentru citire":"2 minute"},"schema":{"@context":"https:\/\/schema.org","@graph":[{"@type":"WebPage","@id":"https:\/\/www.camin-lacoca.ro\/","url":"https:\/\/www.camin-lacoca.ro\/","name":"C\u0103min de b\u0103tr\u00e2ni &quot;La Coca&quot; Bicaz - Bine a\u021bi venit Acas\u0103","isPartOf":{"@id":"https:\/\/www.camin-lacoca.ro\/#website"},"datePublished":"2019-06-08T11:24:25+00:00","dateModified":"2025-02-27T10:52:22+00:00","description":"C\u0103minul de b\u0103tr\u00e2ni La Coca Bicaz Neamt, Centru de ingrijire a persoanelor v\u00e2rstnice La Coca Bicaz Neamt, Azil de b\u0103tr\u00e2ni La Coca Bicaz Neamt","breadcrumb":{"@id":"https:\/\/www.camin-lacoca.ro\/#breadcrumb"},"inLanguage":"ro-RO","potentialAction":[{"@type":"ReadAction","target":["https:\/\/www.camin-lacoca.ro\/"]}]},{"@type":"BreadcrumbList","@id":"https:\/\/www.camin-lacoca.ro\/#breadcrumb","itemListElement":[{"@type":"ListItem","position":1,"name":"Prima pagin\u0103","item":"https:\/\/www.camin-lacoca.ro\/"},{"@type":"ListItem","position":2,"name":"Bine a\u021bi venit Acas\u0103"}]},{"@type":"WebSite","@id":"https:\/\/www.camin-lacoca.ro\/#website","url":"https:\/\/www.camin-lacoca.ro\/","name":"C\u0103min de b\u0103tr\u00e2ni &quot;La Coca&quot; Bicaz","description":"Bine ai venit Acasa","publisher":{"@id":"https:\/\/www.camin-lacoca.ro\/#organization"},"potentialAction":[{"@type":"SearchAction","target":{"@type":"EntryPoint","urlTemplate":"https:\/\/www.camin-lacoca.ro\/?s={search_term_string}"},"query-input":"required name=search_term_string"}],"inLanguage":"ro-RO"},{"@type":"Organization","@id":"https:\/\/www.camin-lacoca.ro\/#organization","name":"Camin de batrani La Coca Bicaz","url":"https:\/\/www.camin-lacoca.ro\/","sameAs":["https:\/\/www.youtube.com\/channel\/UCmIO2Q8Mn9bOQPVu_wTkQJA","https:\/\/www.facebook.com\/Camin-de-b\u00e3tr\u00e2ni-La-Coca-381320195999017\/"],"logo":{"@type":"ImageObject","inLanguage":"ro-RO","@id":"https:\/\/www.camin-lacoca.ro\/#\/schema\/logo\/image\/","url":"https:\/\/www.camin-lacoca.ro\/wp-content\/uploads\/2019\/06\/header_logo.png","contentUrl":"https:\/\/www.camin-lacoca.ro\/wp-content\/uploads\/2019\/06\/header_logo.png","width":660,"height":272,"caption":"Camin de batrani La Coca Bicaz"},"image":{"@id":"https:\/\/www.camin-lacoca.ro\/#\/schema\/logo\/image\/"}}]}},"_links":{"self":[{"href":"https:\/\/www.camin-lacoca.ro\/index.php?rest_route=\/wp\/v2\/pages\/15","targetHints":{"allow":["GET"]}}],"collection":[{"href":"https:\/\/www.camin-lacoca.ro\/index.php?rest_route=\/wp\/v2\/pages"}],"about":[{"href":"https:\/\/www.camin-lacoca.ro\/index.php?rest_route=\/wp\/v2\/types\/page"}],"author":[{"embeddable":true,"href":"https:\/\/www.camin-lacoca.ro\/index.php?rest_route=\/wp\/v2\/users\/1"}],"replies":[{"embeddable":true,"href":"https:\/\/www.camin-lacoca.ro\/index.php?rest_route=%2Fwp%2Fv2%2Fcomments&post=15"}],"version-history":[{"count":77,"href":"https:\/\/www.camin-lacoca.ro\/index.php?rest_route=\/wp\/v2\/pages\/15\/revisions"}],"predecessor-version":[{"id":592,"href":"https:\/\/www.camin-lacoca.ro\/index.php?rest_route=\/wp\/v2\/pages\/15\/revisions\/592"}],"wp:featuredmedia":[{"embeddable":true,"href":"https:\/\/www.camin-lacoca.ro\/index.php?rest_route=\/wp\/v2\/media\/129"}],"wp:attachment":[{"href":"https:\/\/www.camin-lacoca.ro\/index.php?rest_route=%2Fwp%2Fv2%2Fmedia&parent=15"}],"curies":[{"name":"wp","href":"https:\/\/api.w.org\/{rel}","templated":true}]}}