{"id":3,"date":"2019-06-08T11:00:21","date_gmt":"2019-06-08T11:00:21","guid":{"rendered":"http:\/\/camin-lacoca.ro\/?page_id=3"},"modified":"2019-06-16T07:54:16","modified_gmt":"2019-06-16T04:54:16","slug":"privacy-policy","status":"publish","type":"page","link":"https:\/\/www.camin-lacoca.ro\/?page_id=3","title":{"rendered":"Politica de Confiden\u021bialitate"},"content":{"rendered":"\n<h2 class=\"wp-block-heading\">Cine suntem<\/h2>\n\n\n\n<p class=\"has-medium-font-size\">Adresa site-ului nostru este: <a href=\"https:\/\/www.camin-lacoca.ro\">https:\/\/www.camin-lacoca.ro<\/a>.<\/p>\n\n\n\n<p class=\"has-medium-font-size\"> S.C. MATEI JUNIOR COM S.R.L. , av\u00e2nd sediul social in Bicaz, Str. Potoci, nr. 46, jud. Neam\u021b, \u00eenregistrata la Registrul Comer\u021bului  sub nr. J27\/259\/1996, av\u00e2nd CUI: RO 8318019, este operator de date cu  caracter personal. Datele cu caracter personal vor fi colectate si  prelucrate de c\u0103tre  S.C. MATEI JUNIOR COM S.R.L. numai in m\u0103sura permisa prin  Regulamentul General (UE) 679\/2016 privind protec\u021bia persoanelor fizice  \u00een ceea ce prive\u0219te prelucrarea datelor cu caracter personal \u0219i privind  libera circula\u021bie a acestor date,numit in continuare GDPR.<\/p>\n\n\n\n<p class=\"has-medium-font-size\">Termeni in \u00een\u021belesul Regulamentului General (UE) 679\/2016:<\/p>\n\n\n\n<p class=\"has-medium-font-size\">\u201e<strong><em>date cu caracter personal<\/em><\/strong>\u201d \u00eenseamn\u0103 orice \ninforma\u021bii privind o persoan\u0103 fizic\u0103 identificat\u0103 sau identificabil\u0103 \n(\u201epersoana vizat\u0103\u201d); o persoan\u0103 fizic\u0103 identificabil\u0103 este o persoan\u0103 \ncare poate fi identificat\u0103, direct sau indirect, \u00een special prin \nreferire la un element de identificare, cum ar fi un nume, un num\u0103r de \nidentificare, date de localizare, un identificator online, sau la unul \nsau mai multe elemente specifice, proprii identit\u0103\u021bii sale fizice, \nfiziologice, genetice, psihice, economice, culturale sau sociale;<\/p>\n\n\n\n<p class=\"has-medium-font-size\">\u201e<strong><em>prelucrare<\/em><\/strong>\u201d \u00eenseamn\u0103 orice opera\u021biune sau \nset de opera\u021biuni efectuate asupra datelor cu caracter personal sau \nasupra seturilor de date cu caracter personal, cu sau f\u0103r\u0103 utilizarea de\n mijloace automatizate, cum ar fi colectarea, \u00eenregistrarea, \norganizarea, structurarea, stocarea, adaptarea sau modificarea, \nextragerea, consultarea, utilizarea, divulgarea prin transmitere, \ndiseminarea sau punerea la dispozi\u021bie \u00een orice alt mod, alinierea sau \ncombinarea, restric\u021bionarea, \u0219tergerea sau distrugerea;<\/p>\n\n\n\n<p class=\"has-medium-font-size\">\u201e<strong><em>restric\u021bionarea prelucr\u0103rii<\/em><\/strong>\u201d \u00eenseamn\u0103 marcarea datelor cu caracter personal stocate cu scopul de a limita prelucrarea viitoare a acestora;<\/p>\n\n\n\n<p class=\"has-medium-font-size\">\u201e<strong><em>operator<\/em><\/strong>\u201d \u00eenseamn\u0103 persoana fizic\u0103 sau \njuridic\u0103, autoritatea public\u0103, agen\u021bia sau alt organism care, singur sau\n \u00eempreun\u0103 cu altele, stabile\u0219te scopurile \u0219i mijloacele de prelucrare a \ndatelor cu caracter personal; atunci c\u00e2nd scopurile \u0219i mijloacele \nprelucr\u0103rii sunt stabilite prin dreptul Uniunii sau dreptul intern, \noperatorul sau criteriile specifice pentru desemnarea acestuia pot fi \nprev\u0103zute \u00een dreptul Uniunii sau \u00een dreptul intern;<\/p>\n\n\n\n<p class=\"has-medium-font-size\">\u201e<strong><em>persoan\u0103 \u00eemputernicit\u0103 de operator<\/em><\/strong> \u201d \n\u00eenseamn\u0103 persoana fizic\u0103 sau juridic\u0103, autoritatea public\u0103, agen\u021bia sau \nalt organism care prelucreaz\u0103 datele cu caracter personal \u00een numele \noperatorului;<\/p>\n\n\n\n<p class=\"has-medium-font-size\">\u201e<strong><em>parte ter\u021b\u0103<\/em><\/strong>\u201d \u00eenseamn\u0103 o persoan\u0103 fizic\u0103 \nsau juridic\u0103, autoritate public\u0103, agen\u021bie sau organism altul dec\u00e2t \npersoana vizat\u0103, operatorul, persoana \u00eemputernicit\u0103 de operator \u0219i \npersoanele care, sub directa autoritate a operatorului sau a persoanei \n\u00eemputernicite de operator, sunt autorizate s\u0103 prelucreze date cu \ncaracter personal;<\/p>\n\n\n\n<p class=\"has-medium-font-size\">\u201e<strong><em>consim\u021b\u0103m\u00e2nt<\/em><\/strong>\u201d al persoanei vizate \u00eenseamn\u0103\n orice manifestare de voin\u021b\u0103 liber\u0103, specific\u0103, informat\u0103 \u0219i lipsit\u0103 de \nambiguitate a persoanei vizate prin care aceasta accept\u0103, printr-o \ndeclara\u021bie sau printr-o ac\u021biune f\u0103r\u0103 echivoc,ca datele cu caracter \npersonal care o privesc s\u0103 fie prelucrate.<\/p>\n\n\n\n<p class=\"has-medium-font-size\"> S.C. MATEI JUNIOR COM S.R.L. , prelucreaz\u0103 datele personale colectate \u00een temeiul  si cu scopul \u00eencheierii \u0219i execut\u0103rii contractelor de munca angajati  proprii si protectie&nbsp; interese vitale ale persoanei vizate prin  efectuarea cerintelor in domeniul sanatatii si securitatii in munca si  prevenirii si stingerii incendiilor pentru alte societati(operator tert)  \u00een temeiul consim\u021b\u0103m\u00e2ntului implicit si consimtamant prelucrare acord  portare operator ter\u021b (cu care  S.C. MATEI JUNIOR COM S.R.L.  are contract de prestari  servicii in domeniul sanatatii si securitatii in munca si prevenirii si  stingerii incendiilor).<\/p>\n\n\n\n<p class=\"has-medium-font-size\">Prin citirea prezentei Politici de protec\u021bia datelor cu caracter \npersonal a\u021bi luat la cuno\u0219tin\u021b\u0103 faptul c\u0103 v\u0103 sunt garantate drepturile \nprev\u0103zute de GDPR, respectiv:<\/p>\n\n\n\n<p class=\"has-medium-font-size\">\u2013 dreptul la transparen\u021ba informa\u021biilor, a comunic\u0103rilor \u0219i a modalit\u0103\u021bilor de exercitare a drepturilor dvs.,<br>\n\u2013 dreptul la informare \u0219i acces la datele dvs. cu caracter personal,<br>\n\u2013 dreptul la rectificare si dreptul la \u0219tergerea datelor,<br>\n\u2013 dreptul la restric\u021bionarea prelucr\u0103rii,<br>\n\u2013 dreptul la portabilitatea datelor,<br>\n\u2013 dreptul la opozi\u021bie \u0219i de a nu fi supus unui procesul decizional individual automatizat,<br>\n\u2013 dreptul de a v\u0103 adresa Autorit\u0103\u021bii de Supraveghere (ANSPDCP) \u00een caz de\n \u00eenc\u0103lcare a drepturilor dvs. garantate de legisla\u021bia privind protec\u021bia \ndatelor cu caracter personal.<\/p>\n\n\n\n<p class=\"has-medium-font-size\"><strong>Pentru exercitarea drepturilor mai sus men\u021bionate sau pentru  orice \u00eentrebare legat\u0103 de modul \u00een care datele dumneavoastr\u0103 sunt  utilizate ori dac\u0103 unele dintre datele despre dumneavoastr\u0103 sunt  incorecte, v\u0103 pute\u021bi adresa cu o cerere scris\u0103, datat\u0103 \u0219i semnat\u0103 c\u0103tre   S.C. MATEI JUNIOR COM S.R.L. , Bicaz, Str. Potoci, nr. 46, jud.  Neamt, \u00een aten\u021bia responsabilului cu protec\u021bia datelor \u2013 sau la adresa de mail office.lacoca(at)camin-lacoca.ro.<\/strong><\/p>\n\n\n\n<p class=\"has-medium-font-size\">\u00cen cerere, v\u0103 rug\u0103m s\u0103 men\u021biona\u021bi dac\u0103 dori\u021bi ca informa\u021biile s\u0103 fie  comunicate la o anumit\u0103 adres\u0103 (po\u0219tal\u0103 sau e-mail) sau printr-un  serviciu de curierat care s\u0103 asigure c\u0103 ve\u021bi primi personal  informa\u021biile. Va rugam sa \u021bine\u021bi cont ca, \u00eenainte de a da curs oric\u0103rei  astfel de cereri, ne rezervam dreptul de a va verifica identitatea,  pentru a ne asigura ca solicitarea provine chiar din partea  dumneavoastr\u0103. De asemenea, va este recunoscut dreptul de a va adresa  justi\u021biei pentru orice \u00eenc\u0103lcare a drepturilor dumneavoastr\u0103 privind  prelucrarea datelor cu caracter personal. Informa\u021biile pe care ni le  furniza\u021bi vor fi utilizate \u0219i stocate doar \u00een scopul pentru care le-a\u021bi  furnizat, pentru a administra, a sprijini \u0219i a evalua serviciile  noastre, inclusiv pentru a pre\u00eent\u00e2mpina \u00eenc\u0103lcarea securit\u0103\u021bii  sistemelor, \u0219i pentru respectarea legii \u0219i a termenilor no\u0219tri  contractuali.<br> \u00cen acest sens,  S.C. MATEI JUNIOR COM S.R.L.  va stoca datele dvs. \u00een conformitate cu  Politica de Reten\u021bie a Datelor care reglementeaz\u0103 termene-limit\u0103  prestabilite \u0219i bine documentate pentru diferite categorii de date cu  caracter personal, \u00een func\u021bie de specificul opera\u021biunilor pentru care  sunt necesare.<\/p>\n\n\n\n<p class=\"has-medium-font-size\">Mai mult,  S.C. MATEI JUNIOR COM S.R.L.  se asigur\u0103 c\u0103 datele cu caracter personal  sunt adecvate, relevante \u0219i limitate la ceea ce este necesar pentru  scopurile \u00een care sunt prelucrate si de asemenea, se asigur\u0103 c\u0103 perioada  pentru care datele cu caracter personal sunt stocate este limitat\u0103, iar  la \u00eemplinirea termenelor limit\u0103, datele personale nu vor mai fi  prelucrate \u00een aceste scopuri.<\/p>\n\n\n\n<p class=\"has-medium-font-size\"> S.C. MATEI JUNIOR COM S.R.L.  poate furniza datele dumneavoastr\u0103 cu caracter  personal altor companii cu care se afl\u0103 \u00een rela\u021bii de parteneriat, dar  numai \u00een temeiul unui angajament de confiden\u021bialitate din partea  acestora, prin care garanteaz\u0103 c\u0103 aceste date sunt p\u0103strate \u00een siguran\u021b\u0103  \u0219i c\u0103 furnizarea acestor informa\u021bii personale se face conform  legisla\u021biei \u00een vigoare, dup\u0103 cum urmeaz\u0103: furnizori de servicii de  curierat, imputerniciti ai  S.C. MATEI JUNIOR COM S.R.L.  ce actioneaza in limitele si  scopurile stabilite de  S.C. MATEI JUNIOR COM S.R.L. , conform conditiilor din  prezenta Politica.<\/p>\n\n\n\n<p class=\"has-medium-font-size\">Administrator,<br>ANTOANETA ANDONESCU<\/p>\n","protected":false},"excerpt":{"rendered":"<p>Cine suntem Adresa site-ului nostru este: https:\/\/www.camin-lacoca.ro. S.C. MATEI JUNIOR COM S.R.L. , av\u00e2nd sediul social in Bicaz, Str. Potoci, nr. 46, jud. Neam\u021b, \u00eenregistrata la Registrul Comer\u021bului sub nr. J27\/259\/1996, av\u00e2nd CUI: RO 8318019, este operator de date cu caracter personal. Datele cu caracter personal vor fi colectate si prelucrate de c\u0103tre S.C. MATEI [&hellip;]<\/p>\n","protected":false},"author":1,"featured_media":67,"parent":0,"menu_order":0,"comment_status":"closed","ping_status":"open","template":"","meta":{"_genesis_hide_title":false,"_genesis_hide_breadcrumbs":false,"_genesis_hide_singular_image":false,"_genesis_hide_footer_widgets":false,"_genesis_custom_body_class":"","_genesis_custom_post_class":"","_genesis_layout":"","footnotes":""},"class_list":{"0":"post-3","1":"page","2":"type-page","3":"status-publish","4":"has-post-thumbnail","6":"entry"},"yoast_head":"<!-- This site is optimized with the Yoast SEO plugin v19.6.1 - https:\/\/yoast.com\/wordpress\/plugins\/seo\/ -->\n<title>C\u0103min de b\u0103tr\u00e2ni &quot;La Coca&quot; Bicaz - Politica de Confiden\u021bialitate<\/title>\n<meta name=\"robots\" content=\"index, follow, max-snippet:-1, max-image-preview:large, max-video-preview:-1\" \/>\n<link rel=\"canonical\" href=\"https:\/\/www.camin-lacoca.ro\/?page_id=3\" \/>\n<meta name=\"twitter:card\" content=\"summary_large_image\" \/>\n<meta name=\"twitter:title\" content=\"C\u0103min de b\u0103tr\u00e2ni &quot;La Coca&quot; Bicaz - Politica de Confiden\u021bialitate\" \/>\n<meta name=\"twitter:description\" content=\"Cine suntem Adresa site-ului nostru este: https:\/\/www.camin-lacoca.ro. S.C. MATEI JUNIOR COM S.R.L. , av\u00e2nd sediul social in Bicaz, Str. Potoci, nr. 46, jud. Neam\u021b, \u00eenregistrata la Registrul Comer\u021bului sub nr. J27\/259\/1996, av\u00e2nd CUI: RO 8318019, este operator de date cu caracter personal. Datele cu caracter personal vor fi colectate si prelucrate de c\u0103tre S.C. MATEI [&hellip;]\" \/>\n<meta name=\"twitter:image\" content=\"https:\/\/www.camin-lacoca.ro\/wp-content\/uploads\/2019\/06\/header_logo.png\" \/>\n<meta name=\"twitter:label1\" content=\"Timp estimat pentru citire\" \/>\n\t<meta name=\"twitter:data1\" content=\"6 minute\" \/>\n<script type=\"application\/ld+json\" class=\"yoast-schema-graph\">{\"@context\":\"https:\/\/schema.org\",\"@graph\":[{\"@type\":\"WebPage\",\"@id\":\"https:\/\/www.camin-lacoca.ro\/?page_id=3\",\"url\":\"https:\/\/www.camin-lacoca.ro\/?page_id=3\",\"name\":\"C\u0103min de b\u0103tr\u00e2ni &quot;La Coca&quot; Bicaz - Politica de Confiden\u021bialitate\",\"isPartOf\":{\"@id\":\"https:\/\/www.camin-lacoca.ro\/#website\"},\"datePublished\":\"2019-06-08T11:00:21+00:00\",\"dateModified\":\"2019-06-16T04:54:16+00:00\",\"breadcrumb\":{\"@id\":\"https:\/\/www.camin-lacoca.ro\/?page_id=3#breadcrumb\"},\"inLanguage\":\"ro-RO\",\"potentialAction\":[{\"@type\":\"ReadAction\",\"target\":[\"https:\/\/www.camin-lacoca.ro\/?page_id=3\"]}]},{\"@type\":\"BreadcrumbList\",\"@id\":\"https:\/\/www.camin-lacoca.ro\/?page_id=3#breadcrumb\",\"itemListElement\":[{\"@type\":\"ListItem\",\"position\":1,\"name\":\"Prima pagin\u0103\",\"item\":\"https:\/\/www.camin-lacoca.ro\/\"},{\"@type\":\"ListItem\",\"position\":2,\"name\":\"Politica de Confiden\u021bialitate\"}]},{\"@type\":\"WebSite\",\"@id\":\"https:\/\/www.camin-lacoca.ro\/#website\",\"url\":\"https:\/\/www.camin-lacoca.ro\/\",\"name\":\"C\u0103min de b\u0103tr\u00e2ni &quot;La Coca&quot; Bicaz\",\"description\":\"Bine ai venit Acasa\",\"publisher\":{\"@id\":\"https:\/\/www.camin-lacoca.ro\/#organization\"},\"potentialAction\":[{\"@type\":\"SearchAction\",\"target\":{\"@type\":\"EntryPoint\",\"urlTemplate\":\"https:\/\/www.camin-lacoca.ro\/?s={search_term_string}\"},\"query-input\":\"required name=search_term_string\"}],\"inLanguage\":\"ro-RO\"},{\"@type\":\"Organization\",\"@id\":\"https:\/\/www.camin-lacoca.ro\/#organization\",\"name\":\"Camin de batrani La Coca Bicaz\",\"url\":\"https:\/\/www.camin-lacoca.ro\/\",\"sameAs\":[\"https:\/\/www.youtube.com\/channel\/UCmIO2Q8Mn9bOQPVu_wTkQJA\",\"https:\/\/www.facebook.com\/Camin-de-b\u00e3tr\u00e2ni-La-Coca-381320195999017\/\"],\"logo\":{\"@type\":\"ImageObject\",\"inLanguage\":\"ro-RO\",\"@id\":\"https:\/\/www.camin-lacoca.ro\/#\/schema\/logo\/image\/\",\"url\":\"https:\/\/www.camin-lacoca.ro\/wp-content\/uploads\/2019\/06\/header_logo.png\",\"contentUrl\":\"https:\/\/www.camin-lacoca.ro\/wp-content\/uploads\/2019\/06\/header_logo.png\",\"width\":660,\"height\":272,\"caption\":\"Camin de batrani La Coca Bicaz\"},\"image\":{\"@id\":\"https:\/\/www.camin-lacoca.ro\/#\/schema\/logo\/image\/\"}}]}<\/script>\n<!-- \/ Yoast SEO plugin. -->","yoast_head_json":{"title":"C\u0103min de b\u0103tr\u00e2ni &quot;La Coca&quot; Bicaz - Politica de Confiden\u021bialitate","robots":{"index":"index","follow":"follow","max-snippet":"max-snippet:-1","max-image-preview":"max-image-preview:large","max-video-preview":"max-video-preview:-1"},"canonical":"https:\/\/www.camin-lacoca.ro\/?page_id=3","twitter_card":"summary_large_image","twitter_title":"C\u0103min de b\u0103tr\u00e2ni &quot;La Coca&quot; Bicaz - Politica de Confiden\u021bialitate","twitter_description":"Cine suntem Adresa site-ului nostru este: https:\/\/www.camin-lacoca.ro. S.C. MATEI JUNIOR COM S.R.L. , av\u00e2nd sediul social in Bicaz, Str. Potoci, nr. 46, jud. Neam\u021b, \u00eenregistrata la Registrul Comer\u021bului sub nr. J27\/259\/1996, av\u00e2nd CUI: RO 8318019, este operator de date cu caracter personal. Datele cu caracter personal vor fi colectate si prelucrate de c\u0103tre S.C. MATEI [&hellip;]","twitter_image":"https:\/\/www.camin-lacoca.ro\/wp-content\/uploads\/2019\/06\/header_logo.png","twitter_misc":{"Timp estimat pentru citire":"6 minute"},"schema":{"@context":"https:\/\/schema.org","@graph":[{"@type":"WebPage","@id":"https:\/\/www.camin-lacoca.ro\/?page_id=3","url":"https:\/\/www.camin-lacoca.ro\/?page_id=3","name":"C\u0103min de b\u0103tr\u00e2ni &quot;La Coca&quot; Bicaz - Politica de Confiden\u021bialitate","isPartOf":{"@id":"https:\/\/www.camin-lacoca.ro\/#website"},"datePublished":"2019-06-08T11:00:21+00:00","dateModified":"2019-06-16T04:54:16+00:00","breadcrumb":{"@id":"https:\/\/www.camin-lacoca.ro\/?page_id=3#breadcrumb"},"inLanguage":"ro-RO","potentialAction":[{"@type":"ReadAction","target":["https:\/\/www.camin-lacoca.ro\/?page_id=3"]}]},{"@type":"BreadcrumbList","@id":"https:\/\/www.camin-lacoca.ro\/?page_id=3#breadcrumb","itemListElement":[{"@type":"ListItem","position":1,"name":"Prima pagin\u0103","item":"https:\/\/www.camin-lacoca.ro\/"},{"@type":"ListItem","position":2,"name":"Politica de Confiden\u021bialitate"}]},{"@type":"WebSite","@id":"https:\/\/www.camin-lacoca.ro\/#website","url":"https:\/\/www.camin-lacoca.ro\/","name":"C\u0103min de b\u0103tr\u00e2ni &quot;La Coca&quot; Bicaz","description":"Bine ai venit Acasa","publisher":{"@id":"https:\/\/www.camin-lacoca.ro\/#organization"},"potentialAction":[{"@type":"SearchAction","target":{"@type":"EntryPoint","urlTemplate":"https:\/\/www.camin-lacoca.ro\/?s={search_term_string}"},"query-input":"required name=search_term_string"}],"inLanguage":"ro-RO"},{"@type":"Organization","@id":"https:\/\/www.camin-lacoca.ro\/#organization","name":"Camin de batrani La Coca Bicaz","url":"https:\/\/www.camin-lacoca.ro\/","sameAs":["https:\/\/www.youtube.com\/channel\/UCmIO2Q8Mn9bOQPVu_wTkQJA","https:\/\/www.facebook.com\/Camin-de-b\u00e3tr\u00e2ni-La-Coca-381320195999017\/"],"logo":{"@type":"ImageObject","inLanguage":"ro-RO","@id":"https:\/\/www.camin-lacoca.ro\/#\/schema\/logo\/image\/","url":"https:\/\/www.camin-lacoca.ro\/wp-content\/uploads\/2019\/06\/header_logo.png","contentUrl":"https:\/\/www.camin-lacoca.ro\/wp-content\/uploads\/2019\/06\/header_logo.png","width":660,"height":272,"caption":"Camin de batrani La Coca Bicaz"},"image":{"@id":"https:\/\/www.camin-lacoca.ro\/#\/schema\/logo\/image\/"}}]}},"_links":{"self":[{"href":"https:\/\/www.camin-lacoca.ro\/index.php?rest_route=\/wp\/v2\/pages\/3","targetHints":{"allow":["GET"]}}],"collection":[{"href":"https:\/\/www.camin-lacoca.ro\/index.php?rest_route=\/wp\/v2\/pages"}],"about":[{"href":"https:\/\/www.camin-lacoca.ro\/index.php?rest_route=\/wp\/v2\/types\/page"}],"author":[{"embeddable":true,"href":"https:\/\/www.camin-lacoca.ro\/index.php?rest_route=\/wp\/v2\/users\/1"}],"replies":[{"embeddable":true,"href":"https:\/\/www.camin-lacoca.ro\/index.php?rest_route=%2Fwp%2Fv2%2Fcomments&post=3"}],"version-history":[{"count":4,"href":"https:\/\/www.camin-lacoca.ro\/index.php?rest_route=\/wp\/v2\/pages\/3\/revisions"}],"predecessor-version":[{"id":267,"href":"https:\/\/www.camin-lacoca.ro\/index.php?rest_route=\/wp\/v2\/pages\/3\/revisions\/267"}],"wp:featuredmedia":[{"embeddable":true,"href":"https:\/\/www.camin-lacoca.ro\/index.php?rest_route=\/wp\/v2\/media\/67"}],"wp:attachment":[{"href":"https:\/\/www.camin-lacoca.ro\/index.php?rest_route=%2Fwp%2Fv2%2Fmedia&parent=3"}],"curies":[{"name":"wp","href":"https:\/\/api.w.org\/{rel}","templated":true}]}}