{"id":364,"date":"2019-06-17T11:44:30","date_gmt":"2019-06-17T08:44:30","guid":{"rendered":"https:\/\/www.camin-lacoca.ro\/?page_id=364"},"modified":"2019-06-18T15:59:08","modified_gmt":"2019-06-18T12:59:08","slug":"video","status":"publish","type":"page","link":"https:\/\/www.camin-lacoca.ro\/?page_id=364","title":{"rendered":"Video"},"content":{"rendered":"\n<p class=\"has-medium-font-size\">Mai jos face\u021bi cuno\u0219tin\u021b\u0103 cu Mihai, rezident la C\u0103minul de b\u0103tr\u00e2ni &#8222;La Coca&#8221; Bicaz, care a acceptat s\u0103 ne \u00eemp\u0103rt\u0103\u0219easc\u0103 din experien\u021ba d\u00e2nsului la c\u0103min.<\/p>\n\n\n\n<figure class=\"wp-block-embed-youtube aligncenter wp-block-embed is-type-video is-provider-youtube wp-embed-aspect-16-9 wp-has-aspect-ratio\"><div class=\"wp-block-embed__wrapper\">\nhttps:\/\/youtu.be\/Yzbsb-agbx8\n<\/div><\/figure>\n\n\n\n<hr class=\"wp-block-separator\"\/>\n\n\n\n<p><\/p>\n\n\n\n<p class=\"has-medium-font-size\">Trifana, rezident la C\u0103minul de b\u0103tr\u00e2ni &#8222;La Coca&#8221; Bicaz, a acceptat \u0219i d\u00e2nsa s\u0103 ne povesteasc\u0103 via\u021ba sa la c\u0103min.<\/p>\n\n\n\n<figure class=\"wp-block-embed-youtube aligncenter wp-block-embed is-type-video is-provider-youtube wp-embed-aspect-16-9 wp-has-aspect-ratio\"><div class=\"wp-block-embed__wrapper\">\nhttps:\/\/youtu.be\/7omcBQDyQiU\n<\/div><\/figure>\n\n\n\n<hr class=\"wp-block-separator\"\/>\n\n\n\n<p class=\"has-medium-font-size\">Dac\u0103 vre\u021bi s\u0103 fi\u021bi primii care afl\u0103 c\u00e2nd actualiz\u0103m con\u021binutul video \u00eenscrie\u021bi-v\u0103 la newsletter \u00een formularul de mai jos<\/p>\n\n\n<div class=\"tnp tnp-subscription\">\n<form method=\"post\" action=\"https:\/\/camin-lacoca.ro\/?na=s\" onsubmit=\"return newsletter_check(this)\">\n<p><input type=\"hidden\" name=\"nlang\" value=\"\"><\/p>\n<div class=\"tnp-field tnp-field-email\"><label>Email<\/label><input class=\"tnp-email\" type=\"email\" name=\"ne\" required=\"\"><\/div>\n<div class=\"tnp-field tnp-field-privacy\"><label><input type=\"checkbox\" name=\"ny\" required=\"\" class=\"tnp-privacy\"> <a target=\"_blank\" href=\"https:\/\/camin-lacoca.ro\/privacy-policy\/\" rel=\"noopener noreferrer\">Prin continuare acceptati politica de confidentialitate<\/a><\/label><\/div>\n<div class=\"tnp-field tnp-field-button\"><input class=\"tnp-submit\" type=\"submit\" value=\"M\u0103 abonez\">\n<\/div>\n<\/form>\n<\/div>\n","protected":false},"excerpt":{"rendered":"<p>Mai jos face\u021bi cuno\u0219tin\u021b\u0103 cu Mihai, rezident la C\u0103minul de b\u0103tr\u00e2ni &#8222;La Coca&#8221; Bicaz, care a acceptat s\u0103 ne \u00eemp\u0103rt\u0103\u0219easc\u0103 din experien\u021ba d\u00e2nsului la c\u0103min. Trifana, rezident la C\u0103minul de b\u0103tr\u00e2ni &#8222;La Coca&#8221; Bicaz, a acceptat \u0219i d\u00e2nsa s\u0103 ne povesteasc\u0103 via\u021ba sa la c\u0103min. Dac\u0103 vre\u021bi s\u0103 fi\u021bi primii care afl\u0103 c\u00e2nd actualiz\u0103m con\u021binutul [&hellip;]<\/p>\n","protected":false},"author":1,"featured_media":67,"parent":0,"menu_order":0,"comment_status":"closed","ping_status":"closed","template":"","meta":{"_genesis_hide_title":false,"_genesis_hide_breadcrumbs":false,"_genesis_hide_singular_image":false,"_genesis_hide_footer_widgets":false,"_genesis_custom_body_class":"","_genesis_custom_post_class":"","_genesis_layout":"","footnotes":""},"class_list":{"0":"post-364","1":"page","2":"type-page","3":"status-publish","4":"has-post-thumbnail","6":"entry"},"yoast_head":"<!-- This site is optimized with the Yoast SEO plugin v19.6.1 - https:\/\/yoast.com\/wordpress\/plugins\/seo\/ -->\n<title>C\u0103min de b\u0103tr\u00e2ni &quot;La Coca&quot; Bicaz - Video<\/title>\n<meta name=\"robots\" content=\"index, follow, max-snippet:-1, max-image-preview:large, max-video-preview:-1\" \/>\n<link rel=\"canonical\" href=\"https:\/\/www.camin-lacoca.ro\/?page_id=364\" \/>\n<meta name=\"twitter:card\" content=\"summary_large_image\" \/>\n<meta name=\"twitter:title\" content=\"C\u0103min de b\u0103tr\u00e2ni &quot;La Coca&quot; Bicaz - Video\" \/>\n<meta name=\"twitter:description\" content=\"Mai jos face\u021bi cuno\u0219tin\u021b\u0103 cu Mihai, rezident la C\u0103minul de b\u0103tr\u00e2ni &#8222;La Coca&#8221; Bicaz, care a acceptat s\u0103 ne \u00eemp\u0103rt\u0103\u0219easc\u0103 din experien\u021ba d\u00e2nsului la c\u0103min. Trifana, rezident la C\u0103minul de b\u0103tr\u00e2ni &#8222;La Coca&#8221; Bicaz, a acceptat \u0219i d\u00e2nsa s\u0103 ne povesteasc\u0103 via\u021ba sa la c\u0103min. Dac\u0103 vre\u021bi s\u0103 fi\u021bi primii care afl\u0103 c\u00e2nd actualiz\u0103m con\u021binutul [&hellip;]\" \/>\n<meta name=\"twitter:image\" content=\"https:\/\/www.camin-lacoca.ro\/wp-content\/uploads\/2019\/06\/header_logo.png\" \/>\n<meta name=\"twitter:label1\" content=\"Timp estimat pentru citire\" \/>\n\t<meta name=\"twitter:data1\" content=\"1 minut\" \/>\n<script type=\"application\/ld+json\" class=\"yoast-schema-graph\">{\"@context\":\"https:\/\/schema.org\",\"@graph\":[{\"@type\":\"WebPage\",\"@id\":\"https:\/\/www.camin-lacoca.ro\/?page_id=364\",\"url\":\"https:\/\/www.camin-lacoca.ro\/?page_id=364\",\"name\":\"C\u0103min de b\u0103tr\u00e2ni &quot;La Coca&quot; Bicaz - Video\",\"isPartOf\":{\"@id\":\"https:\/\/www.camin-lacoca.ro\/#website\"},\"datePublished\":\"2019-06-17T08:44:30+00:00\",\"dateModified\":\"2019-06-18T12:59:08+00:00\",\"breadcrumb\":{\"@id\":\"https:\/\/www.camin-lacoca.ro\/?page_id=364#breadcrumb\"},\"inLanguage\":\"ro-RO\",\"potentialAction\":[{\"@type\":\"ReadAction\",\"target\":[\"https:\/\/www.camin-lacoca.ro\/?page_id=364\"]}]},{\"@type\":\"BreadcrumbList\",\"@id\":\"https:\/\/www.camin-lacoca.ro\/?page_id=364#breadcrumb\",\"itemListElement\":[{\"@type\":\"ListItem\",\"position\":1,\"name\":\"Prima pagin\u0103\",\"item\":\"https:\/\/www.camin-lacoca.ro\/\"},{\"@type\":\"ListItem\",\"position\":2,\"name\":\"Video\"}]},{\"@type\":\"WebSite\",\"@id\":\"https:\/\/www.camin-lacoca.ro\/#website\",\"url\":\"https:\/\/www.camin-lacoca.ro\/\",\"name\":\"C\u0103min de b\u0103tr\u00e2ni &quot;La Coca&quot; Bicaz\",\"description\":\"Bine ai venit Acasa\",\"publisher\":{\"@id\":\"https:\/\/www.camin-lacoca.ro\/#organization\"},\"potentialAction\":[{\"@type\":\"SearchAction\",\"target\":{\"@type\":\"EntryPoint\",\"urlTemplate\":\"https:\/\/www.camin-lacoca.ro\/?s={search_term_string}\"},\"query-input\":\"required name=search_term_string\"}],\"inLanguage\":\"ro-RO\"},{\"@type\":\"Organization\",\"@id\":\"https:\/\/www.camin-lacoca.ro\/#organization\",\"name\":\"Camin de batrani La Coca Bicaz\",\"url\":\"https:\/\/www.camin-lacoca.ro\/\",\"sameAs\":[\"https:\/\/www.youtube.com\/channel\/UCmIO2Q8Mn9bOQPVu_wTkQJA\",\"https:\/\/www.facebook.com\/Camin-de-b\u00e3tr\u00e2ni-La-Coca-381320195999017\/\"],\"logo\":{\"@type\":\"ImageObject\",\"inLanguage\":\"ro-RO\",\"@id\":\"https:\/\/www.camin-lacoca.ro\/#\/schema\/logo\/image\/\",\"url\":\"https:\/\/www.camin-lacoca.ro\/wp-content\/uploads\/2019\/06\/header_logo.png\",\"contentUrl\":\"https:\/\/www.camin-lacoca.ro\/wp-content\/uploads\/2019\/06\/header_logo.png\",\"width\":660,\"height\":272,\"caption\":\"Camin de batrani La Coca Bicaz\"},\"image\":{\"@id\":\"https:\/\/www.camin-lacoca.ro\/#\/schema\/logo\/image\/\"}}]}<\/script>\n<!-- \/ Yoast SEO plugin. -->","yoast_head_json":{"title":"C\u0103min de b\u0103tr\u00e2ni &quot;La Coca&quot; Bicaz - Video","robots":{"index":"index","follow":"follow","max-snippet":"max-snippet:-1","max-image-preview":"max-image-preview:large","max-video-preview":"max-video-preview:-1"},"canonical":"https:\/\/www.camin-lacoca.ro\/?page_id=364","twitter_card":"summary_large_image","twitter_title":"C\u0103min de b\u0103tr\u00e2ni &quot;La Coca&quot; Bicaz - Video","twitter_description":"Mai jos face\u021bi cuno\u0219tin\u021b\u0103 cu Mihai, rezident la C\u0103minul de b\u0103tr\u00e2ni &#8222;La Coca&#8221; Bicaz, care a acceptat s\u0103 ne \u00eemp\u0103rt\u0103\u0219easc\u0103 din experien\u021ba d\u00e2nsului la c\u0103min. Trifana, rezident la C\u0103minul de b\u0103tr\u00e2ni &#8222;La Coca&#8221; Bicaz, a acceptat \u0219i d\u00e2nsa s\u0103 ne povesteasc\u0103 via\u021ba sa la c\u0103min. Dac\u0103 vre\u021bi s\u0103 fi\u021bi primii care afl\u0103 c\u00e2nd actualiz\u0103m con\u021binutul [&hellip;]","twitter_image":"https:\/\/www.camin-lacoca.ro\/wp-content\/uploads\/2019\/06\/header_logo.png","twitter_misc":{"Timp estimat pentru citire":"1 minut"},"schema":{"@context":"https:\/\/schema.org","@graph":[{"@type":"WebPage","@id":"https:\/\/www.camin-lacoca.ro\/?page_id=364","url":"https:\/\/www.camin-lacoca.ro\/?page_id=364","name":"C\u0103min de b\u0103tr\u00e2ni &quot;La Coca&quot; Bicaz - Video","isPartOf":{"@id":"https:\/\/www.camin-lacoca.ro\/#website"},"datePublished":"2019-06-17T08:44:30+00:00","dateModified":"2019-06-18T12:59:08+00:00","breadcrumb":{"@id":"https:\/\/www.camin-lacoca.ro\/?page_id=364#breadcrumb"},"inLanguage":"ro-RO","potentialAction":[{"@type":"ReadAction","target":["https:\/\/www.camin-lacoca.ro\/?page_id=364"]}]},{"@type":"BreadcrumbList","@id":"https:\/\/www.camin-lacoca.ro\/?page_id=364#breadcrumb","itemListElement":[{"@type":"ListItem","position":1,"name":"Prima pagin\u0103","item":"https:\/\/www.camin-lacoca.ro\/"},{"@type":"ListItem","position":2,"name":"Video"}]},{"@type":"WebSite","@id":"https:\/\/www.camin-lacoca.ro\/#website","url":"https:\/\/www.camin-lacoca.ro\/","name":"C\u0103min de b\u0103tr\u00e2ni &quot;La Coca&quot; Bicaz","description":"Bine ai venit Acasa","publisher":{"@id":"https:\/\/www.camin-lacoca.ro\/#organization"},"potentialAction":[{"@type":"SearchAction","target":{"@type":"EntryPoint","urlTemplate":"https:\/\/www.camin-lacoca.ro\/?s={search_term_string}"},"query-input":"required name=search_term_string"}],"inLanguage":"ro-RO"},{"@type":"Organization","@id":"https:\/\/www.camin-lacoca.ro\/#organization","name":"Camin de batrani La Coca Bicaz","url":"https:\/\/www.camin-lacoca.ro\/","sameAs":["https:\/\/www.youtube.com\/channel\/UCmIO2Q8Mn9bOQPVu_wTkQJA","https:\/\/www.facebook.com\/Camin-de-b\u00e3tr\u00e2ni-La-Coca-381320195999017\/"],"logo":{"@type":"ImageObject","inLanguage":"ro-RO","@id":"https:\/\/www.camin-lacoca.ro\/#\/schema\/logo\/image\/","url":"https:\/\/www.camin-lacoca.ro\/wp-content\/uploads\/2019\/06\/header_logo.png","contentUrl":"https:\/\/www.camin-lacoca.ro\/wp-content\/uploads\/2019\/06\/header_logo.png","width":660,"height":272,"caption":"Camin de batrani La Coca Bicaz"},"image":{"@id":"https:\/\/www.camin-lacoca.ro\/#\/schema\/logo\/image\/"}}]}},"_links":{"self":[{"href":"https:\/\/www.camin-lacoca.ro\/index.php?rest_route=\/wp\/v2\/pages\/364","targetHints":{"allow":["GET"]}}],"collection":[{"href":"https:\/\/www.camin-lacoca.ro\/index.php?rest_route=\/wp\/v2\/pages"}],"about":[{"href":"https:\/\/www.camin-lacoca.ro\/index.php?rest_route=\/wp\/v2\/types\/page"}],"author":[{"embeddable":true,"href":"https:\/\/www.camin-lacoca.ro\/index.php?rest_route=\/wp\/v2\/users\/1"}],"replies":[{"embeddable":true,"href":"https:\/\/www.camin-lacoca.ro\/index.php?rest_route=%2Fwp%2Fv2%2Fcomments&post=364"}],"version-history":[{"count":9,"href":"https:\/\/www.camin-lacoca.ro\/index.php?rest_route=\/wp\/v2\/pages\/364\/revisions"}],"predecessor-version":[{"id":396,"href":"https:\/\/www.camin-lacoca.ro\/index.php?rest_route=\/wp\/v2\/pages\/364\/revisions\/396"}],"wp:featuredmedia":[{"embeddable":true,"href":"https:\/\/www.camin-lacoca.ro\/index.php?rest_route=\/wp\/v2\/media\/67"}],"wp:attachment":[{"href":"https:\/\/www.camin-lacoca.ro\/index.php?rest_route=%2Fwp%2Fv2%2Fmedia&parent=364"}],"curies":[{"name":"wp","href":"https:\/\/api.w.org\/{rel}","templated":true}]}}